{"id":228,"date":"2022-05-23T08:24:44","date_gmt":"2022-05-23T08:24:44","guid":{"rendered":"https:\/\/gabimedi.com\/centres\/equipo-medico\/"},"modified":"2025-03-17T10:40:39","modified_gmt":"2025-03-17T10:40:39","slug":"equipo-medico","status":"publish","type":"centers","link":"https:\/\/gabimedi.com\/es\/centros\/blanes\/equipo-medico\/","title":{"rendered":"Equipo M\u00e9dico"},"content":{"rendered":"<div class=\"row\">\n<div class=\"col-12 col-md-4\">\n<ul>\n<li><span class=\"team_speciality\">CARDIOLOG\u00cdA<\/span><\/li>\n<li>Dra. Meritxell Lloreda<\/li>\n<\/ul>\n<ul>\n<li><span class=\"team_speciality\">CIRUG\u00cdA GENERAL<\/span><\/li>\n<li>Dr. Gabriel Urdaneta<\/li>\n<\/ul>\n<ul>\n<li><span class=\"team_speciality\">DERMATOLOG\u00cdA<\/span><\/li>\n<li>Dr. Marc Sagrist\u00e0<\/li>\n<\/ul>\n<ul>\n<li><span class=\"team_speciality\">DIET\u00c9TICA Y NUTRICI\u00d3N<\/span><\/li>\n<li>Sra. Gemma Sol\u00e0 \u2013 Nutrici\u00f3n integrativa<\/li>\n<li>Sra. Maria Jose Ponce<\/li>\n<\/ul>\n<ul>\n<li><span class=\"team_speciality\">ECOGRAF\u00cdAS<\/span><\/li>\n<li>Dra. \u00c0ngels Guardia<\/li>\n<li>Dra. Marta Fit\u00e9<\/li>\n<li>Dr. V\u00edctor Lefler<\/li>\n<\/ul>\n<ul>\n<li><span class=\"team_speciality\">ENDOCRINOLOG\u00cdA<\/span><\/li>\n<li>Dra. Elisabet Costa<\/li>\n<\/ul>\n<ul>\n<li><span class=\"team_speciality\">FISIO-EST\u00c9TICA<\/span><\/li>\n<li>Sra. Emma Pou<\/li>\n<\/ul>\n<ul>\n<li><span class=\"team_speciality\">FISIOTERAPIA Y OSTEOPAT\u00cdA<\/span><\/li>\n<li>Sra. Caterina Ponce<\/li>\n<li>Sra. Meritxell Domenech<\/li>\n<li>Sra. Mireia Jolis<\/li>\n<li>Sr. Roger Carre\u00f1o<\/li>\n<\/ul>\n<\/div>\n<div class=\"col-12 col-md-4\">\n<ul>\n<li><span class=\"team_speciality\">GINECOLOG\u00cdA Y OBSTETRICIA<\/span><\/li>\n<li>Dra. Cristina Zarzoso<\/li>\n<li>Dr. Lisardo Zunzunegui<\/li>\n<li>Dra. Teresa Gomez<\/li>\n<li>M\u00e9dico Adjunto: Dra. Belen Montserrat<\/li>\n<\/ul>\n<ul>\n<li><span class=\"team_speciality\">MEDICINA GENERAL Y DE FAMILIA<\/span><\/li>\n<li>Dra. Angie K. Santafe<\/li>\n<li>Dra. Deydra M Arteaga<\/li>\n<li>Dra. Diana Escobar<\/li>\n<li>Dr. Jordi Adroher<\/li>\n<\/ul>\n<ul>\n<li><span class=\"team_speciality\">MEDICINA INTERNA<\/span><\/li>\n<li>Dra. Esther Monclus<\/li>\n<\/ul>\n<ul>\n<li><span class=\"team_speciality\">NEUROLOG\u00cdA<\/span><\/li>\n<li>Dra. Cristina Guerrero<\/li>\n<\/ul>\n<ul>\n<li><span class=\"team_speciality\">PEDIATR\u00cdA<\/span><\/li>\n<li>Dra. Marta Pumarola<\/li>\n<li>M\u00e9dico Adjunto: Dra. Ana M\u00aa Salas<\/li>\n<li>M\u00e9dico Adjunto: Dr. Nahuel Serrat<\/li>\n<\/ul>\n<\/div>\n<div class=\"col-12 col-md-4\">\n<ul>\n<li><span class=\"team_speciality\">PODOLOG\u00cdA<\/span><\/li>\n<li>Srta. Anna M Mainegre<\/li>\n<li>Sr. Gorka Gamarra<\/li>\n<li>Sr. Jose Serna<\/li>\n<li>Sr. Joan Garcia<\/li>\n<li>Sr. Toni Gomez<\/li>\n<\/ul>\n<ul>\n<li><span class=\"team_speciality\">PSICOLOG\u00cdA ADULTA E INFANTIL<\/span><\/li>\n<li>Sra. Aida Rodriguez<\/li>\n<li>Sra. Judith Mart\u00ednez &#8211; Infantil<\/li>\n<li>Sr. Sergi Torondel<\/li>\n<\/ul>\n<ul>\n<li><span class=\"team_speciality\">RADIOLOG\u00cdA<\/span><\/li>\n<li>Dra. \u00c0ngels Guardia<\/li>\n<li>Dra. Marta Fit\u00e9<\/li>\n<\/ul>\n<ul>\n<li><span class=\"team_speciality\">TRAUMATOLOG\u00cdA Y CIRUG\u00cdA ORTOP\u00c9DICA<\/span><\/li>\n<li>Dr. Marco A. Bolognari<\/li>\n<li>Dr. Alfonso Rangel<\/li>\n<li>Dr. Victor E. de Fontes<\/li>\n<li>M\u00e9dico Adjunto: Dr. Amilcar Fernandez<\/li>\n<li>M\u00e9dico Adjunto: Dr. Lucas Lomonte<\/li>\n<li>M\u00e9dico Adjunto: Dr. Richard Leon<\/li>\n<\/ul>\n<ul>\n<li><span class=\"team_speciality\">UROLOG\u00cdA<\/span><\/li>\n<li>Dr. Jose Luis Gago<\/li>\n<\/ul>\n<\/div>\n<\/div>\n","protected":false},"featured_media":0,"parent":239,"menu_order":0,"template":"templates\/common.php","meta":[],"acf":[],"yoast_head":"<!-- This site is optimized with the Yoast SEO plugin v19.7.1 - https:\/\/yoast.com\/wordpress\/plugins\/seo\/ -->\n<title>Equipo M\u00e9dico - Gabimedi<\/title>\n<meta name=\"robots\" content=\"index, follow, max-snippet:-1, max-image-preview:large, max-video-preview:-1\" \/>\n<link rel=\"canonical\" href=\"https:\/\/gabimedi.com\/es\/centros\/blanes\/equipo-medico\/\" \/>\n<meta property=\"og:locale\" content=\"es_ES\" \/>\n<meta property=\"og:type\" content=\"article\" \/>\n<meta property=\"og:title\" content=\"Equipo M\u00e9dico - Gabimedi\" \/>\n<meta property=\"og:description\" content=\"CARDIOLOG\u00cdA Dra. Meritxell Lloreda CIRUG\u00cdA GENERAL Dr. Gabriel Urdaneta DERMATOLOG\u00cdA Dr. Marc Sagrist\u00e0 DIET\u00c9TICA Y NUTRICI\u00d3N Sra. Gemma Sol\u00e0 \u2013 Nutrici\u00f3n integrativa Sra. Maria Jose Ponce ECOGRAF\u00cdAS Dra. \u00c0ngels Guardia Dra. Marta Fit\u00e9 Dr. V\u00edctor Lefler ENDOCRINOLOG\u00cdA Dra. Elisabet Costa FISIO-EST\u00c9TICA Sra. Emma Pou FISIOTERAPIA Y OSTEOPAT\u00cdA Sra. Caterina Ponce Sra. Meritxell Domenech Sra. Mireia [&hellip;]\" \/>\n<meta property=\"og:url\" content=\"https:\/\/gabimedi.com\/es\/centros\/blanes\/equipo-medico\/\" \/>\n<meta property=\"og:site_name\" content=\"Gabimedi\" \/>\n<meta property=\"article:modified_time\" content=\"2025-03-17T10:40:39+00:00\" \/>\n<meta name=\"twitter:card\" content=\"summary_large_image\" \/>\n<meta name=\"twitter:label1\" content=\"Tiempo de lectura\" \/>\n\t<meta name=\"twitter:data1\" content=\"1 minuto\" \/>\n<script type=\"application\/ld+json\" class=\"yoast-schema-graph\">{\"@context\":\"https:\/\/schema.org\",\"@graph\":[{\"@type\":\"WebPage\",\"@id\":\"https:\/\/gabimedi.com\/es\/centros\/blanes\/equipo-medico\/\",\"url\":\"https:\/\/gabimedi.com\/es\/centros\/blanes\/equipo-medico\/\",\"name\":\"Equipo M\u00e9dico - Gabimedi\",\"isPartOf\":{\"@id\":\"https:\/\/gabimedi.com\/#website\"},\"datePublished\":\"2022-05-23T08:24:44+00:00\",\"dateModified\":\"2025-03-17T10:40:39+00:00\",\"breadcrumb\":{\"@id\":\"https:\/\/gabimedi.com\/es\/centros\/blanes\/equipo-medico\/#breadcrumb\"},\"inLanguage\":\"es\",\"potentialAction\":[{\"@type\":\"ReadAction\",\"target\":[\"https:\/\/gabimedi.com\/es\/centros\/blanes\/equipo-medico\/\"]}]},{\"@type\":\"BreadcrumbList\",\"@id\":\"https:\/\/gabimedi.com\/es\/centros\/blanes\/equipo-medico\/#breadcrumb\",\"itemListElement\":[{\"@type\":\"ListItem\",\"position\":1,\"name\":\"Inici\",\"item\":\"https:\/\/gabimedi.com\/es\/\"},{\"@type\":\"ListItem\",\"position\":2,\"name\":\"Centers\",\"item\":\"https:\/\/gabimedi.com\/centros\/?lang=es\"},{\"@type\":\"ListItem\",\"position\":3,\"name\":\"Blanes\",\"item\":\"https:\/\/gabimedi.com\/centros\/blanes\/?lang=es\"},{\"@type\":\"ListItem\",\"position\":4,\"name\":\"Equipo M\u00e9dico\"}]},{\"@type\":\"WebSite\",\"@id\":\"https:\/\/gabimedi.com\/#website\",\"url\":\"https:\/\/gabimedi.com\/\",\"name\":\"Gabimedi\",\"description\":\"Centres m\u00e8dics i dentals\",\"potentialAction\":[{\"@type\":\"SearchAction\",\"target\":{\"@type\":\"EntryPoint\",\"urlTemplate\":\"https:\/\/gabimedi.com\/?s={search_term_string}\"},\"query-input\":\"required name=search_term_string\"}],\"inLanguage\":\"es\"}]}<\/script>\n<!-- \/ Yoast SEO plugin. -->","yoast_head_json":{"title":"Equipo M\u00e9dico - Gabimedi","robots":{"index":"index","follow":"follow","max-snippet":"max-snippet:-1","max-image-preview":"max-image-preview:large","max-video-preview":"max-video-preview:-1"},"canonical":"https:\/\/gabimedi.com\/es\/centros\/blanes\/equipo-medico\/","og_locale":"es_ES","og_type":"article","og_title":"Equipo M\u00e9dico - Gabimedi","og_description":"CARDIOLOG\u00cdA Dra. Meritxell Lloreda CIRUG\u00cdA GENERAL Dr. Gabriel Urdaneta DERMATOLOG\u00cdA Dr. Marc Sagrist\u00e0 DIET\u00c9TICA Y NUTRICI\u00d3N Sra. Gemma Sol\u00e0 \u2013 Nutrici\u00f3n integrativa Sra. Maria Jose Ponce ECOGRAF\u00cdAS Dra. \u00c0ngels Guardia Dra. Marta Fit\u00e9 Dr. V\u00edctor Lefler ENDOCRINOLOG\u00cdA Dra. Elisabet Costa FISIO-EST\u00c9TICA Sra. Emma Pou FISIOTERAPIA Y OSTEOPAT\u00cdA Sra. Caterina Ponce Sra. Meritxell Domenech Sra. Mireia [&hellip;]","og_url":"https:\/\/gabimedi.com\/es\/centros\/blanes\/equipo-medico\/","og_site_name":"Gabimedi","article_modified_time":"2025-03-17T10:40:39+00:00","twitter_card":"summary_large_image","twitter_misc":{"Tiempo de lectura":"1 minuto"},"schema":{"@context":"https:\/\/schema.org","@graph":[{"@type":"WebPage","@id":"https:\/\/gabimedi.com\/es\/centros\/blanes\/equipo-medico\/","url":"https:\/\/gabimedi.com\/es\/centros\/blanes\/equipo-medico\/","name":"Equipo M\u00e9dico - Gabimedi","isPartOf":{"@id":"https:\/\/gabimedi.com\/#website"},"datePublished":"2022-05-23T08:24:44+00:00","dateModified":"2025-03-17T10:40:39+00:00","breadcrumb":{"@id":"https:\/\/gabimedi.com\/es\/centros\/blanes\/equipo-medico\/#breadcrumb"},"inLanguage":"es","potentialAction":[{"@type":"ReadAction","target":["https:\/\/gabimedi.com\/es\/centros\/blanes\/equipo-medico\/"]}]},{"@type":"BreadcrumbList","@id":"https:\/\/gabimedi.com\/es\/centros\/blanes\/equipo-medico\/#breadcrumb","itemListElement":[{"@type":"ListItem","position":1,"name":"Inici","item":"https:\/\/gabimedi.com\/es\/"},{"@type":"ListItem","position":2,"name":"Centers","item":"https:\/\/gabimedi.com\/centros\/?lang=es"},{"@type":"ListItem","position":3,"name":"Blanes","item":"https:\/\/gabimedi.com\/centros\/blanes\/?lang=es"},{"@type":"ListItem","position":4,"name":"Equipo M\u00e9dico"}]},{"@type":"WebSite","@id":"https:\/\/gabimedi.com\/#website","url":"https:\/\/gabimedi.com\/","name":"Gabimedi","description":"Centres m\u00e8dics i dentals","potentialAction":[{"@type":"SearchAction","target":{"@type":"EntryPoint","urlTemplate":"https:\/\/gabimedi.com\/?s={search_term_string}"},"query-input":"required name=search_term_string"}],"inLanguage":"es"}]}},"_links":{"self":[{"href":"https:\/\/gabimedi.com\/es\/wp-json\/wp\/v2\/centers\/228"}],"collection":[{"href":"https:\/\/gabimedi.com\/es\/wp-json\/wp\/v2\/centers"}],"about":[{"href":"https:\/\/gabimedi.com\/es\/wp-json\/wp\/v2\/types\/centers"}],"up":[{"embeddable":true,"href":"https:\/\/gabimedi.com\/es\/wp-json\/wp\/v2\/centers\/239"}],"wp:attachment":[{"href":"https:\/\/gabimedi.com\/es\/wp-json\/wp\/v2\/media?parent=228"}],"curies":[{"name":"wp","href":"https:\/\/api.w.org\/{rel}","templated":true}]}}